{"id":16,"date":"2026-08-31T09:34:21","date_gmt":"2026-08-31T09:34:21","guid":{"rendered":"https:\/\/angelederea.fr\/accueil\/"},"modified":"2026-09-02T15:24:02","modified_gmt":"2026-09-02T15:24:02","slug":"accueil","status":"publish","type":"page","link":"https:\/\/angelederea.fr\/en\/","title":{"rendered":"Home"},"content":{"rendered":"\n<div class=\"wp-block-group alignfull adr-hero has-background has-global-padding is-layout-constrained wp-container-core-group-is-layout-5b02c1ca wp-block-group-is-layout-constrained\" style=\"background-color:#FDFCFA;padding-top:88px;padding-right:24px;padding-bottom:64px;padding-left:24px\">\n<div class=\"wp-block-columns are-vertically-aligned-center is-layout-flex wp-container-core-columns-is-layout-380adc7e wp-block-columns-is-layout-flex\">\n<div class=\"wp-block-column is-vertically-aligned-center is-layout-flow wp-block-column-is-layout-flow\" style=\"flex-basis:54%\">\n<p class=\"has-custom-font-size has-text-color wp-block-paragraph\" style=\"color:#9C8A6E;margin-top:0px;margin-bottom:26px;font-size:12px;letter-spacing:0.22em\">Yvoire \u00b7 cit\u00e9 m\u00e9di\u00e9vale<\/p>\n\n\n\n<figure class=\"wp-block-image size-large is-resized\"><img loading=\"lazy\" decoding=\"async\" width=\"1024\" height=\"521\" src=\"https:\/\/angelederea.fr\/wp-content\/uploads\/2026\/08\/logo-angele-de-rea-encre-1024x521.png\" alt=\"Ang\u00e8le de R\u00e9a \u2014 La Dentelli\u00e8re, boutique de dentelle et de d\u00e9coration \u00e0 Yvoire\" class=\"wp-image-22\" style=\"width:250px;height:auto\" srcset=\"https:\/\/angelederea.fr\/wp-content\/uploads\/2026\/08\/logo-angele-de-rea-encre-1024x521.png 1024w, https:\/\/angelederea.fr\/wp-content\/uploads\/2026\/08\/logo-angele-de-rea-encre-300x153.png 300w, https:\/\/angelederea.fr\/wp-content\/uploads\/2026\/08\/logo-angele-de-rea-encre-768x391.png 768w, https:\/\/angelederea.fr\/wp-content\/uploads\/2026\/08\/logo-angele-de-rea-encre.png 1200w\" sizes=\"auto, (max-width: 1024px) 100vw, 1024px\" \/><\/figure>\n\n\n\n<h1 class=\"wp-block-heading has-custom-font-size has-text-color\" style=\"color:#22201D;margin-top:30px;margin-bottom:22px;font-size:clamp(26.944px, 1.684rem + ((1vw - 3.2px) * 2.443), 46px);line-height:1.14\">Dentelle, senteurs et d\u00e9coration \u00e0 Yvoire<\/h1>\n\n\n\n<p class=\"has-custom-font-size has-text-color wp-block-paragraph\" style=\"color:#4A4640;margin-top:0px;margin-bottom:34px;font-size:clamp(14px, 0.875rem + ((1vw - 3.2px) * 0.513), 18px);line-height:1.75\">Une petite boutique au c\u0153ur de la cit\u00e9 m\u00e9di\u00e9vale, \u00e0 deux pas de la grande porte. De la dentelle, des senteurs et la d\u00e9coration d&rsquo;int\u00e9rieur.<\/p>\n\n\n\n<div class=\"wp-block-buttons is-layout-flex wp-block-buttons-is-layout-flex\">\n<div class=\"wp-block-button\"><a class=\"wp-block-button__link has-text-color has-background wp-element-button\" href=\"#horaires\" style=\"border-radius:2px;color:#FDFCFA;background-color:#22201D;padding-top:15px;padding-right:30px;padding-bottom:15px;padding-left:30px\">Voir les horaires<\/a><\/div>\n\n\n\n<div class=\"wp-block-button\"><a class=\"wp-block-button__link has-text-color has-background has-border-color wp-element-button\" href=\"\/contact\/\" style=\"border-color:#C9BCA4;border-width:1px;border-radius:2px;color:#22201D;background-color:#FDFCFA;padding-top:15px;padding-right:30px;padding-bottom:15px;padding-left:30px\">Nous \u00e9crire<\/a><\/div>\n<\/div>\n<\/div>\n\n\n\n<div class=\"wp-block-column is-vertically-aligned-center is-layout-flow wp-block-column-is-layout-flow\" style=\"flex-basis:46%\">\n<figure class=\"wp-block-image size-large\"><img loading=\"lazy\" decoding=\"async\" width=\"718\" height=\"1024\" src=\"https:\/\/angelederea.fr\/wp-content\/uploads\/2026\/09\/napperon-blanc-1600-718x1024.webp\" alt=\"Napperon en dentelle fait main, boutique Ang\u00e8le de R\u00e9a \u00e0 Yvoire\" class=\"wp-image-27\" srcset=\"https:\/\/angelederea.fr\/wp-content\/uploads\/2026\/09\/napperon-blanc-1600-718x1024.webp 718w, https:\/\/angelederea.fr\/wp-content\/uploads\/2026\/09\/napperon-blanc-1600-210x300.webp 210w, https:\/\/angelederea.fr\/wp-content\/uploads\/2026\/09\/napperon-blanc-1600-768x1095.webp 768w, https:\/\/angelederea.fr\/wp-content\/uploads\/2026\/09\/napperon-blanc-1600-1077x1536.webp 1077w, https:\/\/angelederea.fr\/wp-content\/uploads\/2026\/09\/napperon-blanc-1600-1437x2048.webp 1437w, https:\/\/angelederea.fr\/wp-content\/uploads\/2026\/09\/napperon-blanc-1600.webp 1600w\" sizes=\"auto, (max-width: 718px) 100vw, 718px\" \/><\/figure>\n<\/div>\n<\/div>\n<\/div>\n\n\n\n<div class=\"wp-block-group alignfull is-layout-flow wp-block-group-is-layout-flow\">\n<div style=\"background:#FDFCFA;border-top:1px solid #E0D7C7;border-bottom:1px solid #E0D7C7;padding:16px 24px;display:flex;align-items:center;justify-content:center;gap:11px;text-align:center\"><span class=\"adr-point\" style=\"width:7px;height:7px;border-radius:50%;background:#7E9080;display:inline-block;flex:none\"><\/span><span id=\"adr-statut\" style=\"font-size:13px;letter-spacing:0.04em;color:#3A3630\">La boutique est ouverte en ce moment<\/span><\/div>\n<script>\n(function(){\nvar el=document.getElementById('adr-statut');\nif(!el){return;}\nvar d=new Date();\nvar n=(d.getMonth()+1)*100+d.getDate();\n\/* Periodes d ouverture, format MMJJ. Le 207 correspond aux vacances de fevrier (zone A) : a reverifier chaque annee. *\/\nvar periodes=[[207,630],[701,831],[901,1111],[1205,1231],[101,103]];\nvar ouvert=false;\nfor(var i=0;periodes.length>i;i++){\nif(n>periodes[i][0]-1){if(periodes[i][1]+1>n){ouvert=true;}}\n}\nif(n===1225){ouvert=false;}\nvar texte='La boutique est ferm\u00e9e en ce moment';\nif(ouvert){\ntexte='La boutique est ouverte en ce moment';\nif(n>630){if(901>n){texte='La boutique est ouverte \u00b7 10 h \u2013 19 h 30, tous les jours';}}\nif(n>1204){texte='Ouverte pour les f\u00eates \u00b7 jusqu\u2019au 3 janvier';}\nif(104>n){texte='Ouverte pour les f\u00eates \u00b7 jusqu\u2019au 3 janvier';}\n}\nif(!ouvert){\nif(n>1111){if(1205>n){texte='La boutique est ferm\u00e9e \u00b7 r\u00e9ouverture le 5 d\u00e9cembre';}}\nif(n>103){if(207>n){texte='La boutique est ferm\u00e9e \u00b7 r\u00e9ouverture aux vacances de f\u00e9vrier';}}\nif(n===1225){texte='Ferm\u00e9e aujourd\u2019hui, 25 d\u00e9cembre \u00b7 r\u00e9ouverture demain';}\n}\nel.textContent=texte;\nvar p=el.parentNode.querySelector('.adr-point');\nif(p){p.style.background=ouvert?'#7E9080':'#C0B39A';}\n})();\n<\/script>\n<\/div>\n\n\n\n<div class=\"wp-block-group alignfull adr-trio has-background has-global-padding is-layout-constrained wp-container-core-group-is-layout-67753600 wp-block-group-is-layout-constrained\" style=\"background-color:#FDFCFA;padding-top:64px;padding-right:24px;padding-bottom:64px;padding-left:24px\">\n<p class=\"has-text-align-center has-custom-font-size has-text-color wp-block-paragraph\" style=\"color:#9C8A6E;margin-top:0px;margin-bottom:14px;font-size:12px;letter-spacing:0.22em\">La boutique<\/p>\n\n\n\n<h2 class=\"wp-block-heading has-text-align-center has-custom-font-size has-text-color\" style=\"color:#22201D;margin-top:0px;margin-bottom:58px;font-size:clamp(22.041px, 1.378rem + ((1vw - 3.2px) * 1.79), 36px);\">Ce que vous y trouverez<\/h2>\n\n\n\n<div class=\"wp-block-columns is-layout-flex wp-container-core-columns-is-layout-ee858136 wp-block-columns-is-layout-flex\">\n<div class=\"wp-block-column is-layout-flow wp-block-column-is-layout-flow\">\n<div class=\"wp-block-group has-global-padding is-layout-constrained wp-block-group-is-layout-constrained\" style=\"border-top-color:#E0D7C7;border-top-style:solid;border-top-width:1px;padding-top:26px\">\n<h3 class=\"wp-block-heading has-custom-font-size has-text-color\" style=\"color:#22201D;margin-top:0px;margin-bottom:12px;font-size:clamp(16.293px, 1.018rem + ((1vw - 3.2px) * 1.116), 25px);\">Dentelle<\/h3>\n\n\n\n<p class=\"has-custom-font-size has-text-color wp-block-paragraph\" style=\"color:#6E6A63;margin-top:0px;margin-bottom:0px;font-size:clamp(14px, 0.875rem + ((1vw - 3.2px) * 0.385), 17px);line-height:1.75\">Chemins de table, napperons, nappes, bo\u00eetes \u00e0 mouchoirs et colliers.<\/p>\n<\/div>\n<\/div>\n\n\n\n<div class=\"wp-block-column is-layout-flow wp-block-column-is-layout-flow\">\n<div class=\"wp-block-group has-global-padding is-layout-constrained wp-block-group-is-layout-constrained\" style=\"border-top-color:#E0D7C7;border-top-style:solid;border-top-width:1px;padding-top:26px\">\n<p class=\"wp-block-paragraph\">D\u00e9coration<\/p>\n\n\n\n<p class=\"has-custom-font-size has-text-color wp-block-paragraph\" style=\"color:#6E6A63;margin-top:0px;margin-bottom:0px;font-size:clamp(14px, 0.875rem + ((1vw - 3.2px) * 0.385), 17px);line-height:1.75\">Coussins, plaids et tapis de chez Stof, pour r\u00e9chauffer votre int\u00e9rieur.<\/p>\n<\/div>\n<\/div>\n\n\n\n<div class=\"wp-block-column is-layout-flow wp-block-column-is-layout-flow\">\n<div class=\"wp-block-group has-global-padding is-layout-constrained wp-block-group-is-layout-constrained\" style=\"border-top-color:#E0D7C7;border-top-style:solid;border-top-width:1px;padding-top:26px\">\n<h3 class=\"wp-block-heading has-custom-font-size has-text-color\" style=\"color:#22201D;margin-top:0px;margin-bottom:12px;font-size:clamp(16.293px, 1.018rem + ((1vw - 3.2px) * 1.116), 25px);\">Senteurs<\/h3>\n\n\n\n<p class=\"has-custom-font-size has-text-color wp-block-paragraph\" style=\"color:#6E6A63;margin-top:0px;margin-bottom:0px;font-size:clamp(14px, 0.875rem + ((1vw - 3.2px) * 0.385), 17px);line-height:1.75\">Bougies, parfums d\u2019int\u00e9rieur et diffuseurs de chez Collines de Provence.<\/p>\n<\/div>\n<\/div>\n<\/div>\n<\/div>\n\n\n\n<div class=\"wp-block-group alignfull adr-marques has-background has-global-padding is-layout-constrained wp-container-core-group-is-layout-526eba02 wp-block-group-is-layout-constrained\" style=\"background-color:#FDFCFA;padding-top:0px;padding-right:24px;padding-bottom:72px;padding-left:24px\">\n<div class=\"wp-block-group is-content-justification-center is-layout-flex wp-container-core-group-is-layout-3345047e wp-block-group-is-layout-flex\">\n<figure class=\"wp-block-image size-full is-resized\"><img loading=\"lazy\" decoding=\"async\" width=\"596\" height=\"200\" src=\"https:\/\/angelederea.fr\/wp-content\/uploads\/2026\/09\/logo-collines-de-provence.png\" alt=\"Collines de Provence\" class=\"wp-image-142\" style=\"width:203px;height:auto\" srcset=\"https:\/\/angelederea.fr\/wp-content\/uploads\/2026\/09\/logo-collines-de-provence.png 596w, https:\/\/angelederea.fr\/wp-content\/uploads\/2026\/09\/logo-collines-de-provence-300x101.png 300w, https:\/\/angelederea.fr\/wp-content\/uploads\/2026\/09\/logo-collines-de-provence-18x6.png 18w\" sizes=\"auto, (max-width: 596px) 100vw, 596px\" \/><\/figure>\n\n\n\n<figure class=\"wp-block-image size-full is-resized\"><img loading=\"lazy\" decoding=\"async\" width=\"163\" height=\"200\" src=\"https:\/\/angelederea.fr\/wp-content\/uploads\/2026\/09\/logo-stof.png\" alt=\"STOF, cr\u00e9ateur textile\" class=\"wp-image-143\" style=\"width:55px;height:auto\" srcset=\"https:\/\/angelederea.fr\/wp-content\/uploads\/2026\/09\/logo-stof.png 163w, https:\/\/angelederea.fr\/wp-content\/uploads\/2026\/09\/logo-stof-10x12.png 10w\" sizes=\"auto, (max-width: 163px) 100vw, 163px\" \/><\/figure>\n<\/div>\n<\/div>\n\n\n\n<div class=\"wp-block-group alignfull adr-bande has-background has-global-padding is-layout-constrained wp-container-core-group-is-layout-87a17bd5 wp-block-group-is-layout-constrained\" style=\"background-color:#EFE9DE;padding-top:64px;padding-right:24px;padding-bottom:64px;padding-left:24px\">\n<div class=\"wp-block-columns are-vertically-aligned-center is-layout-flex wp-container-core-columns-is-layout-292f936d wp-block-columns-is-layout-flex\">\n<div class=\"wp-block-column is-vertically-aligned-center is-layout-flow wp-block-column-is-layout-flow\" style=\"flex-basis:46%\">\n<figure class=\"wp-block-image size-large\"><img loading=\"lazy\" decoding=\"async\" width=\"1024\" height=\"739\" src=\"https:\/\/angelederea.fr\/wp-content\/uploads\/2026\/09\/napperon-dentelle-1200-1-1024x739.webp\" alt=\"Napperon en dentelle pos\u00e9 sur une table, boutique Ang\u00e8le de R\u00e9a \u00e0 Yvoire\" class=\"wp-image-139\" srcset=\"https:\/\/angelederea.fr\/wp-content\/uploads\/2026\/09\/napperon-dentelle-1200-1-1024x739.webp 1024w, https:\/\/angelederea.fr\/wp-content\/uploads\/2026\/09\/napperon-dentelle-1200-1-300x217.webp 300w, https:\/\/angelederea.fr\/wp-content\/uploads\/2026\/09\/napperon-dentelle-1200-1-768x554.webp 768w, https:\/\/angelederea.fr\/wp-content\/uploads\/2026\/09\/napperon-dentelle-1200-1-18x12.webp 18w, https:\/\/angelederea.fr\/wp-content\/uploads\/2026\/09\/napperon-dentelle-1200-1.webp 1200w\" sizes=\"auto, (max-width: 1024px) 100vw, 1024px\" \/><\/figure>\n<\/div>\n\n\n\n<div class=\"wp-block-column is-vertically-aligned-center is-layout-flow wp-block-column-is-layout-flow\" style=\"flex-basis:54%\">\n<p class=\"has-custom-font-size has-text-color wp-block-paragraph\" style=\"color:#8A7856;margin-top:0px;margin-bottom:12px;font-size:11px;letter-spacing:0.2em\">Fait main<\/p>\n\n\n\n<h2 class=\"wp-block-heading has-custom-font-size has-text-color\" style=\"color:#22201D;margin-top:0px;margin-bottom:18px;font-size:clamp(20px, 1.25rem + ((1vw - 3.2px) * 1.538), 32px);line-height:1.2\">Nos napperons <\/h2>\n\n\n\n<p class=\"has-custom-font-size has-text-color wp-block-paragraph\" style=\"color:#4A4640;margin-top:0px;margin-bottom:28px;font-size:clamp(14px, 0.875rem + ((1vw - 3.2px) * 0.513), 18px);line-height:1.75\">Retrouvez notre s\u00e9lection de napperons faits \u00e0 la main, en boutique.<\/p>\n\n\n\n<div class=\"wp-block-buttons is-layout-flex wp-block-buttons-is-layout-flex\">\n<div class=\"wp-block-button\"><a class=\"wp-block-button__link has-text-color has-background has-border-color wp-element-button\" href=\"\/contact\/\" style=\"border-color:#C9BCA4;border-width:1px;border-radius:2px;color:#22201D;background-color:#EFE9DE;padding-top:14px;padding-right:28px;padding-bottom:14px;padding-left:28px\">Nous \u00e9crire<\/a><\/div>\n<\/div>\n<\/div>\n<\/div>\n<\/div>\n\n\n\n<div class=\"wp-block-group alignfull has-global-padding is-layout-constrained wp-container-core-group-is-layout-67753600 wp-block-group-is-layout-constrained\" id=\"horaires\" style=\"padding-top:64px;padding-right:24px;padding-bottom:64px;padding-left:24px\">\n<p class=\"has-text-align-center has-custom-font-size has-text-color wp-block-paragraph\" style=\"color:#9C8A6E;font-size:12px;letter-spacing:0.22em\">Ouverture saisonni\u00e8re<\/p>\n\n\n\n<h2 class=\"wp-block-heading has-text-align-center\" style=\"margin-top:14px;margin-bottom:42px\">Horaires<\/h2>\n\n\n\n<div class=\"wp-block-columns is-layout-flex wp-container-core-columns-is-layout-7094c525 wp-block-columns-is-layout-flex\">\n<div class=\"wp-block-column is-layout-flow wp-block-column-is-layout-flow\">\n<div class=\"wp-block-group has-border-color has-background has-global-padding is-layout-constrained wp-container-core-group-is-layout-cb5ab70c wp-block-group-is-layout-constrained\" style=\"border-color:#E0D7C7;border-style:solid;border-width:1px;background-color:#FDFCFA;min-height:100%;padding-top:30px;padding-right:28px;padding-bottom:30px;padding-left:28px\">\n<p class=\"has-custom-font-size has-text-color wp-block-paragraph\" style=\"color:#9C8A6E;margin-top:0px;margin-bottom:8px;font-size:11px;letter-spacing:0.14em\">Vacances de f\u00e9vrier au 30 juin \u00b7 1er sept. au 11 nov.<\/p>\n\n\n\n<h3 class=\"wp-block-heading\" style=\"margin-top:0px;margin-bottom:18px\">Horaires de saison<\/h3>\n\n\n\n<p class=\"has-custom-font-size has-text-color wp-block-paragraph\" style=\"color:#3A3630;margin-bottom:6px;font-size:clamp(14px, 0.875rem + ((1vw - 3.2px) * 0.385), 17px);\">Lundi au vendredi \u00b7 10 h 30 \u2013 18 h<\/p>\n\n\n\n<p class=\"has-custom-font-size has-text-color wp-block-paragraph\" style=\"color:#3A3630;font-size:clamp(14px, 0.875rem + ((1vw - 3.2px) * 0.385), 17px);\">Samedi et dimanche \u00b7 10 h \u2013 19 h<\/p>\n<\/div>\n<\/div>\n\n\n\n<div class=\"wp-block-column is-layout-flow wp-block-column-is-layout-flow\">\n<div class=\"wp-block-group has-border-color has-background has-global-padding is-layout-constrained wp-container-core-group-is-layout-cb5ab70c wp-block-group-is-layout-constrained\" style=\"border-color:#E0D7C7;border-style:solid;border-width:1px;background-color:#FDFCFA;min-height:100%;padding-top:30px;padding-right:28px;padding-bottom:30px;padding-left:28px\">\n<p class=\"has-custom-font-size has-text-color wp-block-paragraph\" style=\"color:#5E6E5F;margin-top:0px;margin-bottom:8px;font-size:11px;letter-spacing:0.14em\">1er juillet au 31 ao\u00fbt<\/p>\n\n\n\n<h3 class=\"wp-block-heading\" style=\"margin-top:0px;margin-bottom:18px\">Horaires d\u2019\u00e9t\u00e9<\/h3>\n\n\n\n<p class=\"has-custom-font-size has-text-color wp-block-paragraph\" style=\"color:#3A3630;margin-bottom:6px;font-size:clamp(14px, 0.875rem + ((1vw - 3.2px) * 0.385), 17px);\">Tous les jours \u00b7 10 h \u2013 19 h 30<\/p>\n\n\n\n<p class=\"has-custom-font-size has-text-color wp-block-paragraph\" style=\"color:#8A857C;font-size:clamp(14px, 0.875rem + ((1vw - 3.2px) * 0.385), 17px);\">Week-ends compris<\/p>\n<\/div>\n<\/div>\n\n\n\n<div class=\"wp-block-column is-layout-flow wp-block-column-is-layout-flow\">\n<div class=\"wp-block-group has-border-color has-background has-global-padding is-layout-constrained wp-container-core-group-is-layout-cb5ab70c wp-block-group-is-layout-constrained\" style=\"border-color:#E0D7C7;border-style:solid;border-width:1px;background-color:#FDFCFA;min-height:100%;padding-top:30px;padding-right:28px;padding-bottom:30px;padding-left:28px\">\n<p class=\"has-custom-font-size has-text-color wp-block-paragraph\" style=\"color:#9C8A6E;margin-top:0px;margin-bottom:8px;font-size:11px;letter-spacing:0.14em\">5 d\u00e9cembre au 3 janvier<\/p>\n\n\n\n<h3 class=\"wp-block-heading\" style=\"margin-top:0px;margin-bottom:18px\">F\u00eates de fin d\u2019ann\u00e9e<\/h3>\n\n\n\n<p class=\"has-custom-font-size has-text-color wp-block-paragraph\" style=\"color:#3A3630;margin-bottom:6px;font-size:clamp(14px, 0.875rem + ((1vw - 3.2px) * 0.385), 17px);\">Tous les jours \u00b7 10 h 30 \u2013 19 h<\/p>\n\n\n\n<p class=\"has-custom-font-size has-text-color wp-block-paragraph\" style=\"color:#8A857C;font-size:clamp(14px, 0.875rem + ((1vw - 3.2px) * 0.385), 17px);\">Ferm\u00e9 le 25 d\u00e9cembre, ouvert le 1er janvier<\/p>\n<\/div>\n<\/div>\n<\/div>\n\n\n\n<div class=\"wp-block-group has-background has-global-padding is-layout-constrained wp-container-core-group-is-layout-cdd82292 wp-block-group-is-layout-constrained\" style=\"background-color:#EFE9DE;margin-top:20px;padding-top:22px;padding-right:26px;padding-bottom:22px;padding-left:26px\">\n<p class=\"has-custom-font-size has-text-color wp-block-paragraph\" style=\"color:#4A4640;font-size:clamp(14px, 0.875rem + ((1vw - 3.2px) * 0.385), 17px);\">En dehors de ces p\u00e9riodes \u2014 du 12 novembre au 4 d\u00e9cembre, et du 4 janvier aux vacances de f\u00e9vrier \u2014 la boutique est ferm\u00e9e. Vous pouvez \u00e9crire \u00e0 tout moment pour une commande, une r\u00e9servation ou une visite sur rendez-vous.<\/p>\n<\/div>\n<\/div>\n\n\n\n<div class=\"wp-block-group alignfull adr-venir has-background has-global-padding is-layout-constrained wp-container-core-group-is-layout-14cc682d wp-block-group-is-layout-constrained\" style=\"border-top-color:#E0D7C7;border-top-style:solid;border-top-width:1px;background-color:#FDFCFA;padding-top:64px;padding-right:24px;padding-bottom:64px;padding-left:24px\">\n<p class=\"has-text-align-center has-custom-font-size has-text-color wp-block-paragraph\" style=\"color:#9C8A6E;margin-top:0px;margin-bottom:14px;font-size:12px;letter-spacing:0.22em\">Nous trouver<\/p>\n\n\n\n<h2 class=\"wp-block-heading has-text-align-center has-custom-font-size has-text-color\" style=\"color:#22201D;margin-top:0px;margin-bottom:34px;font-size:clamp(21.027px, 1.314rem + ((1vw - 3.2px) * 1.663), 34px);\">Au c\u0153ur d\u2019Yvoire<\/h2>\n\n\n\n<div class=\"wp-block-columns is-layout-flex wp-container-core-columns-is-layout-68ac19a7 wp-block-columns-is-layout-flex\">\n<div class=\"wp-block-column is-layout-flow wp-block-column-is-layout-flow\">\n<p class=\"has-custom-font-size has-text-color wp-block-paragraph\" style=\"color:#9C8A6E;margin-top:0px;margin-bottom:10px;font-size:11px;letter-spacing:0.2em\">Adresse<\/p>\n\n\n\n<p class=\"has-custom-font-size has-text-color wp-block-paragraph\" style=\"color:#3A3630;margin-top:0px;margin-bottom:0px;font-size:clamp(14px, 0.875rem + ((1vw - 3.2px) * 0.513), 18px);line-height:1.7\">67 rue Paul Jacquier<br>74140 Yvoire, Haute-Savoie<\/p>\n<\/div>\n\n\n\n<div class=\"wp-block-column is-layout-flow wp-block-column-is-layout-flow\">\n<p class=\"has-custom-font-size has-text-color wp-block-paragraph\" style=\"color:#9C8A6E;margin-top:0px;margin-bottom:10px;font-size:11px;letter-spacing:0.2em\">Acc\u00e8s<\/p>\n\n\n\n<p class=\"has-custom-font-size has-text-color wp-block-paragraph\" style=\"color:#6E6A63;margin-top:0px;margin-bottom:0px;font-size:clamp(14px, 0.875rem + ((1vw - 3.2px) * 0.513), 18px);line-height:1.7\">\u00c0 deux pas de la grande porte et du Jardin des Cinq Sens. <\/p>\n<\/div>\n<\/div>\n<\/div>\n\n\n\n<div class=\"wp-block-group alignfull adr-final has-background has-global-padding is-layout-constrained wp-container-core-group-is-layout-52c81e8e wp-block-group-is-layout-constrained\" style=\"background-color:#22201D;padding-top:64px;padding-right:24px;padding-bottom:64px;padding-left:24px\">\n<h2 class=\"wp-block-heading has-text-align-center has-custom-font-size has-text-color\" style=\"color:#F0EAE0;margin-top:0px;margin-bottom:16px;font-size:clamp(21.027px, 1.314rem + ((1vw - 3.2px) * 1.663), 34px);\">Une question ?<\/h2>\n\n\n\n<p class=\"has-text-align-center has-custom-font-size has-text-color wp-block-paragraph\" style=\"color:#B5AE9F;margin-top:0px;margin-bottom:0px;font-size:clamp(14px, 0.875rem + ((1vw - 3.2px) * 0.513), 18px);line-height:1.7\">Nous r\u00e9pondons \u00e0 tous les messages.<\/p>\n\n\n\n<div class=\"wp-block-buttons is-content-justification-center is-layout-flex wp-container-core-buttons-is-layout-0b05e2e3 wp-block-buttons-is-layout-flex\" style=\"margin-top:32px\">\n<div class=\"wp-block-button\"><a class=\"wp-block-button__link has-text-color has-background wp-element-button\" href=\"\/contact\/\" style=\"border-radius:2px;color:#22201D;background-color:#F0EAE0;padding-top:15px;padding-right:30px;padding-bottom:15px;padding-left:30px\">Nous \u00e9crire<\/a><\/div>\n<\/div>\n<\/div>\n\n\n<style>\n.adr-js .adr-hero .wp-block-column:first-child > *{opacity:0;transform:translateY(18px)}\n.adr-pret .adr-hero .wp-block-column:first-child > *{opacity:1;transform:none;transition:opacity .9s cubic-bezier(.22,.7,.25,1),transform .9s cubic-bezier(.22,.7,.25,1)}\n.adr-pret .adr-hero .wp-block-column:first-child > *:nth-child(1){transition-delay:.05s}\n.adr-pret .adr-hero .wp-block-column:first-child > *:nth-child(2){transition-delay:.17s}\n.adr-pret .adr-hero .wp-block-column:first-child > *:nth-child(3){transition-delay:.29s}\n.adr-pret .adr-hero .wp-block-column:first-child > *:nth-child(4){transition-delay:.41s}\n.adr-pret .adr-hero .wp-block-column:first-child > *:nth-child(5){transition-delay:.5s}\n.adr-js .adr-hero .wp-block-column:last-child figure{overflow:hidden}\n.adr-js .adr-hero .wp-block-column:last-child img{opacity:0;transform:scale(1.07)}\n.adr-pret .adr-hero .wp-block-column:last-child img{opacity:1;transform:none;transition:opacity 1.5s ease .2s,transform 1.9s cubic-bezier(.16,.7,.2,1) .2s}\n@keyframes adr-souffle{0%,100%{box-shadow:0 0 0 0 rgba(126,144,128,.5)}70%{box-shadow:0 0 0 7px rgba(126,144,128,0)}}\n.adr-point.adr-ouvert{animation:adr-souffle 3.4s ease-out infinite}\n.adr-js .adr-trio .wp-block-column > .wp-block-group{border-top-color:transparent !important;position:relative}\n.adr-js .adr-trio .wp-block-column > .wp-block-group::before{content:\"\";position:absolute;top:-1px;left:0;right:0;height:1px;background:#E0D7C7;transform:scaleX(0);transform-origin:left center;transition:transform 1.1s cubic-bezier(.22,.7,.25,1)}\n.adr-js .adr-trio .wp-block-column.adr-vu > .wp-block-group::before{transform:scaleX(1)}\n.adr-js .adr-trio .wp-block-column:nth-child(2).adr-vu > .wp-block-group::before{transition-delay:.14s}\n.adr-js .adr-trio .wp-block-column:nth-child(3).adr-vu > .wp-block-group::before{transition-delay:.28s}\n.adr-js .adr-trio .wp-block-column > .wp-block-group > *{opacity:0;transform:translateY(10px);transition:opacity .8s ease,transform .8s cubic-bezier(.22,.7,.25,1)}\n.adr-js .adr-trio .wp-block-column.adr-vu > .wp-block-group > *{opacity:1;transform:none;transition-delay:.25s}\n.adr-js .adr-trio .wp-block-column:nth-child(2).adr-vu > .wp-block-group > *{transition-delay:.39s}\n.adr-js .adr-trio .wp-block-column:nth-child(3).adr-vu > .wp-block-group > *{transition-delay:.53s}\n.adr-js .adr-lever{opacity:0;transform:translateY(16px);transition:opacity .85s cubic-bezier(.22,.7,.25,1),transform .85s cubic-bezier(.22,.7,.25,1)}\n.adr-js .adr-lever.adr-vu{opacity:1;transform:none}\n.wp-block-button__link{transition:transform .2s cubic-bezier(.2,.7,.3,1),box-shadow .2s ease}\n.wp-block-button__link:hover,.wp-block-button__link:focus-visible{transform:translateY(-2px);box-shadow:0 10px 22px -14px rgba(34,32,29,.55)}\n.adr-bande figure img{will-change:transform}\n#horaires .adr-actif > p:first-child::after{content:\" \u00b7 en ce moment\";color:#7E9080}\n@media (min-width:782px){#horaires .wp-block-column > .wp-block-group > p:first-child{min-height:58px}}\n@media (prefers-reduced-motion: reduce){\n.adr-js .adr-hero .wp-block-column:first-child > *,.adr-js .adr-lever,.adr-js .adr-trio .wp-block-column > .wp-block-group > *{opacity:1 !important;transform:none !important;transition:none !important}\n.adr-js .adr-hero .wp-block-column:last-child img{opacity:1 !important;transform:none !important}\n.adr-js .adr-trio .wp-block-column > .wp-block-group::before{transform:scaleX(1) !important;transition:none !important}\n.adr-point.adr-ouvert{animation:none !important}\n.wp-block-button__link{transition:none !important}\n}\n<\/style>\n<script>\n(function(){\nvar corps=document.body;\ncorps.classList.add('adr-js');\nrequestAnimationFrame(function(){setTimeout(function(){corps.classList.add('adr-pret');},60);});\nvar lever=[];\nfunction marque(sel){\nvar n=document.querySelectorAll(sel);\nfor(var i=0;n.length>i;i++){n[i].classList.add('adr-lever');lever.push(n[i]);}\n}\nmarque('.adr-trio > p, .adr-trio > h2');\nmarque('.adr-marques > .wp-block-group');\nmarque('.adr-bande .wp-block-column');\nmarque('#horaires > p, #horaires > h2, #horaires .wp-block-column, #horaires > .wp-block-group');\nmarque('.adr-venir > p, .adr-venir > h2, .adr-venir .wp-block-column');\nmarque('.adr-final > h2, .adr-final > p, .adr-final .wp-block-buttons');\nvar colonnes=document.querySelectorAll('.adr-trio .wp-block-column');\nvar i,j;\nif(window.IntersectionObserver){\nvar obs=new IntersectionObserver(function(liste){\nfor(var k=0;liste.length>k;k++){\nif(liste[k].isIntersecting){liste[k].target.classList.add('adr-vu');obs.unobserve(liste[k].target);}\n}\n},{threshold:0.15,rootMargin:'0px 0px -6% 0px'});\nfor(i=0;lever.length>i;i++){obs.observe(lever[i]);}\nfor(j=0;colonnes.length>j;j++){obs.observe(colonnes[j]);}\n}else{\nfor(i=0;lever.length>i;i++){lever[i].classList.add('adr-vu');}\nfor(j=0;colonnes.length>j;j++){colonnes[j].classList.add('adr-vu');}\n}\nvar pt=document.querySelector('.adr-point');\nif(pt){\nsetTimeout(function(){\nvar c=window.getComputedStyle(pt).backgroundColor.replace(\/ \/g,'');\nif(c==='rgb(126,144,128)'){pt.classList.add('adr-ouvert');}\n},90);\n}\nvar doux=true;\nif(window.matchMedia){if(window.matchMedia('(prefers-reduced-motion: reduce)').matches){doux=false;}}\nvar photo=document.querySelector('.adr-bande figure img');\nif(photo){if(doux){\nvar attente=false;\nwindow.addEventListener('scroll',function(){\nif(attente){return;}\nattente=true;\nrequestAnimationFrame(function(){\nvar r=photo.getBoundingClientRect();\nvar p=(window.innerHeight-r.top)\/(window.innerHeight+r.height);\nif(p>1){p=1;}\nif(0>p){p=0;}\nphoto.style.transform='translateY('+((0.5-p)*26).toFixed(1)+'px)';\nattente=false;\n});\n},{passive:true});\n}}\nvar d=new Date();\nvar n=(d.getMonth()+1)*100+d.getDate();\nvar periodes=[[207,630],[701,831],[901,1111],[1205,1231],[101,103]];\nvar ouvert=false;\nfor(i=0;periodes.length>i;i++){\nif(n>periodes[i][0]-1){if(periodes[i][1]+1>n){ouvert=true;}}\n}\nvar idx=0;\nif(n>630){if(901>n){idx=1;}}\nif(n>1204){idx=2;}\nif(104>n){idx=2;}\nif(ouvert){\nvar cartes=document.querySelectorAll('#horaires .wp-block-column > .wp-block-group');\nif(cartes[idx]){cartes[idx].classList.add('adr-actif');}\n}\n})();\n<\/script>","protected":false},"excerpt":{"rendered":"<p>Yvoire \u00b7 cit\u00e9 m\u00e9di\u00e9vale Dentelle, senteurs et d\u00e9coration \u00e0 Yvoire Une petite boutique au c\u0153ur de la cit\u00e9 m\u00e9di\u00e9vale, \u00e0 deux pas de la grande porte. De la dentelle, des senteurs et la d\u00e9coration d&rsquo;int\u00e9rieur. La boutique est ouverte en ce moment La boutique Ce que vous y trouverez Dentelle Chemins de table, napperons, nappes, [&hellip;]<\/p>\n","protected":false},"author":1,"featured_media":0,"parent":0,"menu_order":0,"comment_status":"closed","ping_status":"closed","template":"no-title","meta":{"_seopress_titles_title":"","_seopress_titles_desc":"","_seopress_robots_index":"","_seopress_robots_follow":"","_seopress_robots_imageindex":"","_seopress_robots_snippet":"","_seopress_robots_primary_cat":"","_seopress_robots_breadcrumbs":"","_seopress_robots_freeze_modified_date":"","_seopress_robots_custom_modified_date":"","_seopress_robots_canonical":"","_seopress_social_fb_title":"","_seopress_social_fb_desc":"","_seopress_social_fb_img":"","_seopress_social_fb_img_attachment_id":0,"_seopress_social_fb_img_width":0,"_seopress_social_fb_img_height":0,"_seopress_social_twitter_title":"","_seopress_social_twitter_desc":"","_seopress_social_twitter_img":"","_seopress_social_twitter_img_attachment_id":0,"_seopress_social_twitter_img_width":0,"_seopress_social_twitter_img_height":0,"_seopress_redirections_value":"","_seopress_redirections_enabled":"","_seopress_redirections_enabled_regex":"","_seopress_redirections_logged_status":"","_seopress_redirections_param":"","_seopress_redirections_type":0,"_seopress_analysis_target_kw":"","footnotes":""},"class_list":["post-16","page","type-page","status-publish","hentry"],"_hostinger_reach_plugin_has_subscription_block":false,"_hostinger_reach_plugin_is_elementor":false,"_links":{"self":[{"href":"https:\/\/angelederea.fr\/en\/wp-json\/wp\/v2\/pages\/16","targetHints":{"allow":["GET"]}}],"collection":[{"href":"https:\/\/angelederea.fr\/en\/wp-json\/wp\/v2\/pages"}],"about":[{"href":"https:\/\/angelederea.fr\/en\/wp-json\/wp\/v2\/types\/page"}],"author":[{"embeddable":true,"href":"https:\/\/angelederea.fr\/en\/wp-json\/wp\/v2\/users\/1"}],"replies":[{"embeddable":true,"href":"https:\/\/angelederea.fr\/en\/wp-json\/wp\/v2\/comments?post=16"}],"version-history":[{"count":48,"href":"https:\/\/angelederea.fr\/en\/wp-json\/wp\/v2\/pages\/16\/revisions"}],"predecessor-version":[{"id":148,"href":"https:\/\/angelederea.fr\/en\/wp-json\/wp\/v2\/pages\/16\/revisions\/148"}],"wp:attachment":[{"href":"https:\/\/angelederea.fr\/en\/wp-json\/wp\/v2\/media?parent=16"}],"curies":[{"name":"wp","href":"https:\/\/api.w.org\/{rel}","templated":true}]}}